{"id":3816,"date":"2026-08-10T13:45:57","date_gmt":"2026-08-10T16:45:57","guid":{"rendered":"https:\/\/labcema.com.br\/site\/?page_id=3816"},"modified":"2026-08-21T16:30:56","modified_gmt":"2026-08-21T19:30:56","slug":"festa-de-caxias","status":"publish","type":"page","link":"https:\/\/labcema.com.br\/site\/festa-de-caxias\/","title":{"rendered":"Festa de Caxias"},"content":{"rendered":"\n<div class=\"wp-block-cover alignfull is-light\" style=\"margin-bottom:var(--wp--preset--spacing--80)\"><img loading=\"lazy\" decoding=\"async\" width=\"2560\" height=\"1439\" class=\"wp-block-cover__image-background wp-image-3944 size-full\" alt=\"\" src=\"https:\/\/labcema.com.br\/site\/wp-content\/uploads\/2026\/08\/1786543444078-scaled.png\" data-object-fit=\"cover\" srcset=\"https:\/\/labcema.com.br\/site\/wp-content\/uploads\/2026\/08\/1786543444078-scaled.png 2560w, https:\/\/labcema.com.br\/site\/wp-content\/uploads\/2026\/08\/1786543444078-300x169.png 300w, https:\/\/labcema.com.br\/site\/wp-content\/uploads\/2026\/08\/1786543444078-1024x576.png 1024w, https:\/\/labcema.com.br\/site\/wp-content\/uploads\/2026\/08\/1786543444078-768x432.png 768w, https:\/\/labcema.com.br\/site\/wp-content\/uploads\/2026\/08\/1786543444078-1536x864.png 1536w, https:\/\/labcema.com.br\/site\/wp-content\/uploads\/2026\/08\/1786543444078-2048x1152.png 2048w\" sizes=\"auto, (max-width: 2560px) 100vw, 2560px\" \/><span aria-hidden=\"true\" class=\"wp-block-cover__background has-background-dim-0 has-background-dim\" style=\"background-color:#a3b2ba\"><\/span><div class=\"wp-block-cover__inner-container is-layout-constrained wp-block-cover-is-layout-constrained\">\n<div class=\"wp-block-columns are-vertically-aligned-bottom is-layout-flex wp-container-core-columns-is-layout-2865081c wp-block-columns-is-layout-flex\">\n<div class=\"wp-block-column is-vertically-aligned-bottom is-layout-flow wp-block-column-is-layout-flow\" style=\"flex-basis:440px\">\n<div class=\"wp-block-columns is-not-stacked-on-mobile has-palette-color-9-background-color has-background is-layout-flex wp-container-core-columns-is-layout-fecaa9b8 wp-block-columns-is-layout-flex\" style=\"padding-right:var(--wp--preset--spacing--20);padding-left:10px\">\n<div class=\"wp-block-column is-layout-flow wp-block-column-is-layout-flow\" style=\"flex-basis:41%\">\n<div class=\"wp-block-uagb-image aligncenter uagb-block-d8b88a2d wp-block-uagb-image--layout-default wp-block-uagb-image--effect-static wp-block-uagb-image--align-center\"><figure class=\"wp-block-uagb-image__figure\"><img decoding=\"async\" src=\"https:\/\/labcema.com.br\/site\/wp-content\/uploads\/2026\/08\/WhatsApp-Image-2026-08-14-at-19.50aa.png\" alt=\"\" class=\"uag-image-4095\" width=\"106\" height=\"220\" title=\"WhatsApp-Image-2026-08-14-at-19.50aa\" loading=\"lazy\" role=\"img\" \/><\/figure><\/div>\n<\/div>\n\n\n\n<div class=\"wp-block-column is-layout-flow wp-block-column-is-layout-flow\" style=\"flex-basis:74%\">\n<div class=\"wp-block-group is-nowrap is-layout-flex wp-container-core-group-is-layout-995f960e wp-block-group-is-layout-flex\">\n<h2 class=\"wp-block-heading has-palette-color-7-color has-palette-color-9-background-color has-text-color has-background has-link-color wp-elements-1\" style=\"padding-top:0px;padding-right:0px;padding-bottom:0px;padding-left:0px;font-size:clamp(22.041px, 1.378rem + ((1vw - 3.2px) * 1.091), 36px);line-height:1.2\">Festa de Santo Ant\u00f4nio, Padroeiro de Duque de Caxias.<\/h2>\n<\/div>\n<\/div>\n<\/div>\n<\/div>\n\n\n\n<div class=\"wp-block-column is-vertically-aligned-bottom is-layout-flow wp-block-column-is-layout-flow\"><\/div>\n\n\n\n<div class=\"wp-block-column is-vertically-aligned-bottom is-layout-flow wp-block-column-is-layout-flow\"><\/div>\n<\/div>\n<\/div><\/div>\n\n\n\n<div class=\"wp-block-columns has-palette-color-9-background-color has-background is-layout-flex wp-container-core-columns-is-layout-7bb89420 wp-block-columns-is-layout-flex\" style=\"margin-top:var(--wp--preset--spacing--80);margin-bottom:var(--wp--preset--spacing--70);padding-top:0px;padding-right:0px;padding-bottom:0px;padding-left:0px\">\n<div class=\"wp-block-column is-vertically-aligned-center is-layout-flow wp-block-column-is-layout-flow\" style=\"padding-top:0px;padding-bottom:0px;flex-basis:290px\">\n<figure class=\"wp-block-image size-large\"><img loading=\"lazy\" decoding=\"async\" width=\"1024\" height=\"577\" src=\"https:\/\/labcema.com.br\/site\/wp-content\/uploads\/2026\/08\/P1080983-1024x577.jpg\" alt=\"\" class=\"wp-image-3970\" srcset=\"https:\/\/labcema.com.br\/site\/wp-content\/uploads\/2026\/08\/P1080983-1024x577.jpg 1024w, https:\/\/labcema.com.br\/site\/wp-content\/uploads\/2026\/08\/P1080983-300x169.jpg 300w, https:\/\/labcema.com.br\/site\/wp-content\/uploads\/2026\/08\/P1080983-768x433.jpg 768w, https:\/\/labcema.com.br\/site\/wp-content\/uploads\/2026\/08\/P1080983-1536x866.jpg 1536w, https:\/\/labcema.com.br\/site\/wp-content\/uploads\/2026\/08\/P1080983-2048x1154.jpg 2048w\" sizes=\"auto, (max-width: 1024px) 100vw, 1024px\" \/><\/figure>\n<\/div>\n\n\n\n<div class=\"wp-block-column is-layout-flow wp-block-column-is-layout-flow\" style=\"flex-basis:40%\">\n<div class=\"wp-block-columns is-not-stacked-on-mobile is-layout-flex wp-container-core-columns-is-layout-8d3857f9 wp-block-columns-is-layout-flex\" style=\"margin-top:0\">\n<div class=\"wp-block-column is-layout-flow wp-block-column-is-layout-flow\" style=\"padding-right:10px;padding-left:10px;flex-basis:100px\">\n<div class=\"wp-block-group is-nowrap is-layout-flex wp-container-core-group-is-layout-645fc792 wp-block-group-is-layout-flex\">\n<p class=\"has-text-align-center has-palette-color-8-color has-palette-color-9-background-color has-text-color has-background has-link-color has-large-font-size wp-elements-2 wp-block-paragraph\" style=\"padding-top:20px;padding-right:0px;padding-bottom:20px;padding-left:0px;line-height:1.3\">Junho<br>13,<br>2026<\/p>\n<\/div>\n<\/div>\n\n\n\n<div class=\"wp-block-column is-vertically-aligned-center is-layout-flow wp-block-column-is-layout-flow\">\n<h2 class=\"wp-block-heading has-palette-color-8-color has-text-color has-link-color wp-elements-3\" style=\"margin-top:var(--wp--preset--spacing--20);margin-bottom:0;line-height:1.3\">Seguindo o  percurso de uma festa<\/h2>\n<\/div>\n<\/div>\n<\/div>\n\n\n\n<div class=\"wp-block-column is-layout-flow wp-block-column-is-layout-flow\"><\/div>\n<\/div>\n\n\n\n<div class=\"wp-block-columns is-layout-flex wp-container-core-columns-is-layout-75d2b05b wp-block-columns-is-layout-flex\" style=\"margin-top:var(--wp--preset--spacing--80);margin-bottom:var(--wp--preset--spacing--80)\">\n<div class=\"wp-block-column is-layout-flow wp-block-column-is-layout-flow\" style=\"flex-basis:50%\">\n<p class=\"has-drop-cap has-palette-color-3-color has-text-color has-link-color wp-elements-4 wp-block-paragraph\">A Festa de Santo Ant\u00f4nio representa um espa\u00e7o de sociabilidade, mem\u00f3ria e identidade na Baixada Fluminense, regi\u00e3o historicamente marcada por desigualdades sociais e invisibiliza\u00e7\u00e3o cultural. Mais do que uma celebra\u00e7\u00e3o religiosa, trata-se de uma pr\u00e1tica de pertencimento comunit\u00e1rio, que re\u00fane f\u00e9, devo\u00e7\u00e3o, economia e vida social (OLIVEIRA, 2018).<\/p>\n<\/div>\n\n\n\n<div class=\"wp-block-column is-layout-flow wp-block-column-is-layout-flow\" style=\"flex-basis:50%\">\n<p class=\"has-palette-color-3-color has-text-color has-link-color wp-elements-5 wp-block-paragraph\">\u00c9 tamb\u00e9m um lugar privilegiado para se observar como mem\u00f3rias individuais de devotos e fam\u00edlias se entrela\u00e7am a mem\u00f3rias coletivas num territ\u00f3rio, compondo um quadro de recorda\u00e7\u00f5es compartilhadas (HALBWACHS, [1968] 2006). <\/p>\n<\/div>\n<\/div>\n\n\n<div class='pt-cv-wrapper'> <div class=\"pt-cv-view pt-cv-blockgrid iscvblock iscvreal grid1 layout1\" id=\"pt-cv-view-x982or6o\"><div data-id=\"pt-cv-page-1\" class=\"pt-cv-page\" data-cvc=\"3\"><div class=\" pt-cv-content-item pt-cv-1-col\" ><div class=\"pt-cv-thumb-wrapper  \"><a href=\"https:\/\/labcema.com.br\/site\/festadepadroeiros\/01-duque-de-caxias-uma-cidade-em-festa\/\" class=\"_self pt-cv-href-thumbnail pt-cv-thumb-default\" target=\"_self\" ><img loading=\"lazy\" decoding=\"async\" width=\"768\" height=\"432\" src=\"https:\/\/labcema.com.br\/site\/wp-content\/uploads\/2026\/08\/WhatsApp-Image-2026-08-07-at-11.40.12-1-768x432.jpeg\" class=\"pt-cv-thumbnail\" alt=\"\" \/><\/a><\/div>\n<h3 class=\"pt-cv-title\"><a href=\"https:\/\/labcema.com.br\/site\/festadepadroeiros\/01-duque-de-caxias-uma-cidade-em-festa\/\" class=\"_self\" target=\"_self\" >01. Duque de Caxias, uma cidade em festa<\/a><\/h3>\n<div class=\"pt-cv-content\">Na pra\u00e7a do Pacificador, o portal marca o in\u00edcio do territ\u00f3rio de uma festa &#8230;<\/div>\n<div class=\"pt-cv-rmwrap\"><a href=\"https:\/\/labcema.com.br\/site\/festadepadroeiros\/01-duque-de-caxias-uma-cidade-em-festa\/\" class=\"_self pt-cv-readmore btn btn-success\" target=\"_self\" >Leia Mais<\/a><\/div><\/div>\n<div class=\" pt-cv-content-item pt-cv-1-col\" ><div class=\"pt-cv-thumb-wrapper  \"><a href=\"https:\/\/labcema.com.br\/site\/festadepadroeiros\/02-diante-da-catedral-o-burburinho-dos-devotos\/\" class=\"_self pt-cv-href-thumbnail pt-cv-thumb-default\" target=\"_self\" ><img loading=\"lazy\" decoding=\"async\" width=\"768\" height=\"431\" src=\"https:\/\/labcema.com.br\/site\/wp-content\/uploads\/2026\/08\/WhatsApp-Image-2026-08-14-at-19.50.43-768x431.jpeg\" class=\"pt-cv-thumbnail\" alt=\"\" \/><\/a><\/div>\n<h3 class=\"pt-cv-title\"><a href=\"https:\/\/labcema.com.br\/site\/festadepadroeiros\/02-diante-da-catedral-o-burburinho-dos-devotos\/\" class=\"_self\" target=\"_self\" >02. Diante da Catedral, o burburinho dos devotos<\/a><\/h3>\n<div class=\"pt-cv-content\">Mais de 200 mil, entre devotos e outros participantes, circulam pela festa na semana do padroeiro &#8230;<\/div>\n<div class=\"pt-cv-rmwrap\"><a href=\"https:\/\/labcema.com.br\/site\/festadepadroeiros\/02-diante-da-catedral-o-burburinho-dos-devotos\/\" class=\"_self pt-cv-readmore btn btn-success\" target=\"_self\" >Leia Mais<\/a><\/div><\/div>\n<div class=\" pt-cv-content-item pt-cv-1-col\" ><div class=\"pt-cv-thumb-wrapper  \"><a href=\"https:\/\/labcema.com.br\/site\/festadepadroeiros\/03-filas-dos-paezinhos-bencao-de-antonio\/\" class=\"_self pt-cv-href-thumbnail pt-cv-thumb-default\" target=\"_self\" ><img loading=\"lazy\" decoding=\"async\" width=\"768\" height=\"1367\" src=\"https:\/\/labcema.com.br\/site\/wp-content\/uploads\/2026\/08\/WhatsApp-Image-2026-08-12-at-11.28.09-768x1367.jpeg\" class=\"pt-cv-thumbnail\" alt=\"\" \/><\/a><\/div>\n<h3 class=\"pt-cv-title\"><a href=\"https:\/\/labcema.com.br\/site\/festadepadroeiros\/03-filas-dos-paezinhos-bencao-de-antonio\/\" class=\"_self\" target=\"_self\" >03. Filas dos p\u00e3ezinhos, ben\u00e7\u00e3o de Ant\u00f4nio<\/a><\/h3>\n<div class=\"pt-cv-content\">O p\u00e3ozinho aben\u00e7oado \u00e9 uma marca de Santo Ant\u00f4nio &#8230;<\/div>\n<div class=\"pt-cv-rmwrap\"><a href=\"https:\/\/labcema.com.br\/site\/festadepadroeiros\/03-filas-dos-paezinhos-bencao-de-antonio\/\" class=\"_self pt-cv-readmore btn btn-success\" target=\"_self\" >Leia Mais<\/a><\/div><\/div>\n<div class=\" pt-cv-content-item pt-cv-1-col\" ><div class=\"pt-cv-thumb-wrapper  \"><a href=\"https:\/\/labcema.com.br\/site\/festadepadroeiros\/04-amarracao-de-fitinhas-e-outras-barracas-da-paroquia\/\" class=\"_self pt-cv-href-thumbnail pt-cv-thumb-default\" target=\"_self\" ><img loading=\"lazy\" decoding=\"async\" width=\"768\" height=\"432\" src=\"https:\/\/labcema.com.br\/site\/wp-content\/uploads\/2026\/08\/WhatsApp-Image-2026-08-10-at-18.52.32-768x432.jpeg\" class=\"pt-cv-thumbnail\" alt=\"\" \/><\/a><\/div>\n<h3 class=\"pt-cv-title\"><a href=\"https:\/\/labcema.com.br\/site\/festadepadroeiros\/04-amarracao-de-fitinhas-e-outras-barracas-da-paroquia\/\" class=\"_self\" target=\"_self\" >04. Amarra\u00e7\u00e3o de fitinhas e outras barracas da par\u00f3quia<\/a><\/h3>\n<div class=\"pt-cv-content\">Nas tradi\u00e7\u00f5es populares n\u00e3o faltam simpatias e chantagens ao santo, no intento de arranjar um namorado ou marido &#8230;<\/div>\n<div class=\"pt-cv-rmwrap\"><a href=\"https:\/\/labcema.com.br\/site\/festadepadroeiros\/04-amarracao-de-fitinhas-e-outras-barracas-da-paroquia\/\" class=\"_self pt-cv-readmore btn btn-success\" target=\"_self\" >Leia Mais<\/a><\/div><\/div>\n<div class=\" pt-cv-content-item pt-cv-1-col\" ><div class=\"pt-cv-thumb-wrapper  \"><a href=\"https:\/\/labcema.com.br\/site\/festadepadroeiros\/05-bolo-de-sto-antonio-almoco-outras-barracas-da-paroquia\/\" class=\"_self pt-cv-href-thumbnail pt-cv-thumb-default\" target=\"_self\" ><img loading=\"lazy\" decoding=\"async\" width=\"768\" height=\"432\" src=\"https:\/\/labcema.com.br\/site\/wp-content\/uploads\/2026\/08\/20260613_141454-768x432.jpg\" class=\"pt-cv-thumbnail\" alt=\"\" \/><\/a><\/div>\n<h3 class=\"pt-cv-title\"><a href=\"https:\/\/labcema.com.br\/site\/festadepadroeiros\/05-bolo-de-sto-antonio-almoco-outras-barracas-da-paroquia\/\" class=\"_self\" target=\"_self\" >05. Bolo de Sto. Ant\u00f4nio, almo\u00e7o, outras barracas da par\u00f3quia<\/a><\/h3>\n<div class=\"pt-cv-content\">E temos barraquinha de santinhos, de lembran\u00e7as religiosas, de bingo, de pescaria de prendas e, \u00e9 claro, de alimentos que &#8230;<\/div>\n<div class=\"pt-cv-rmwrap\"><a href=\"https:\/\/labcema.com.br\/site\/festadepadroeiros\/05-bolo-de-sto-antonio-almoco-outras-barracas-da-paroquia\/\" class=\"_self pt-cv-readmore btn btn-success\" target=\"_self\" >Leia Mais<\/a><\/div><\/div>\n<div class=\" pt-cv-content-item pt-cv-1-col\" ><div class=\"pt-cv-thumb-wrapper  \"><a href=\"https:\/\/labcema.com.br\/site\/festadepadroeiros\/06-la-dentro-na-igreja-missas-o-dia-todo\/\" class=\"_self pt-cv-href-thumbnail pt-cv-thumb-default\" target=\"_self\" ><img loading=\"lazy\" decoding=\"async\" width=\"768\" height=\"433\" src=\"https:\/\/labcema.com.br\/site\/wp-content\/uploads\/2026\/08\/P1080898a-768x433.png\" class=\"pt-cv-thumbnail\" alt=\"\" \/><\/a><\/div>\n<h3 class=\"pt-cv-title\"><a href=\"https:\/\/labcema.com.br\/site\/festadepadroeiros\/06-la-dentro-na-igreja-missas-o-dia-todo\/\" class=\"_self\" target=\"_self\" >06. L\u00e1 dentro na igreja, missas o dia todo.<\/a><\/h3>\n<div class=\"pt-cv-content\">Missas, coral, filas para a imagem do santo e todo tipo de devo\u00e7\u00f5es &#8230;<\/div>\n<div class=\"pt-cv-rmwrap\"><a href=\"https:\/\/labcema.com.br\/site\/festadepadroeiros\/06-la-dentro-na-igreja-missas-o-dia-todo\/\" class=\"_self pt-cv-readmore btn btn-success\" target=\"_self\" >Leia Mais<\/a><\/div><\/div>\n<div class=\" pt-cv-content-item pt-cv-1-col\" ><div class=\"pt-cv-thumb-wrapper  \"><a href=\"https:\/\/labcema.com.br\/site\/festadepadroeiros\/07-a-imagem-com-lirios-e-girassois-sai-numa-caminhonete-a\/\" class=\"_self pt-cv-href-thumbnail pt-cv-thumb-default\" target=\"_self\" ><img loading=\"lazy\" decoding=\"async\" width=\"768\" height=\"432\" src=\"https:\/\/labcema.com.br\/site\/wp-content\/uploads\/2026\/08\/20260613_162341-768x432.jpg\" class=\"pt-cv-thumbnail\" alt=\"\" \/><\/a><\/div>\n<h3 class=\"pt-cv-title\"><a href=\"https:\/\/labcema.com.br\/site\/festadepadroeiros\/07-a-imagem-com-lirios-e-girassois-sai-numa-caminhonete-a\/\" class=\"_self\" target=\"_self\" >07. A imagem, com l\u00edrios e girass\u00f3is, sai numa caminhonete-A<\/a><\/h3>\n<div class=\"pt-cv-content\">A prociss\u00e3o sai pelos port\u00f5es, encontrando l\u00e1 fora uma multid\u00e3o ansiosa &#8230;<\/div>\n<div class=\"pt-cv-rmwrap\"><a href=\"https:\/\/labcema.com.br\/site\/festadepadroeiros\/07-a-imagem-com-lirios-e-girassois-sai-numa-caminhonete-a\/\" class=\"_self pt-cv-readmore btn btn-success\" target=\"_self\" >Leia Mais<\/a><\/div><\/div>\n<div class=\" pt-cv-content-item pt-cv-1-col\" ><div class=\"pt-cv-thumb-wrapper  \"><a href=\"https:\/\/labcema.com.br\/site\/festadepadroeiros\/07-com-lirios-e-girassois-a-imagem-sai-na-caminhonete\/\" class=\"_self pt-cv-href-thumbnail pt-cv-thumb-default\" target=\"_self\" ><img loading=\"lazy\" decoding=\"async\" width=\"768\" height=\"432\" src=\"https:\/\/labcema.com.br\/site\/wp-content\/uploads\/2026\/08\/20260613_162341-768x432.jpg\" class=\"pt-cv-thumbnail\" alt=\"\" \/><\/a><\/div>\n<h3 class=\"pt-cv-title\"><a href=\"https:\/\/labcema.com.br\/site\/festadepadroeiros\/07-com-lirios-e-girassois-a-imagem-sai-na-caminhonete\/\" class=\"_self\" target=\"_self\" >07. Com l\u00edrios e girass\u00f3is, a imagem sai na caminhonete<\/a><\/h3>\n<div class=\"pt-cv-content\">A prociss\u00e3o sai pelos port\u00f5es, encontrando l\u00e1 fora uma multid\u00e3o ansiosa &#8230;<\/div>\n<div class=\"pt-cv-rmwrap\"><a href=\"https:\/\/labcema.com.br\/site\/festadepadroeiros\/07-com-lirios-e-girassois-a-imagem-sai-na-caminhonete\/\" class=\"_self pt-cv-readmore btn btn-success\" target=\"_self\" >Leia Mais<\/a><\/div><\/div><\/div><\/div> <\/div> <style>\n\n#pt-cv-view-x982or6o .pt-cv-content-item { padding: 0px 0px 0px 0px;box-shadow: 0px 0px 4px 2px #00000024; }#pt-cv-view-x982or6o .pt-cv-meta-fields {  }#pt-cv-view-x982or6o .pt-cv-meta-fields * { font-size: 13px; }#pt-cv-view-x982or6o .pt-cv-thumb-wrapper:not(.miniwrap) {  }#pt-cv-view-x982or6o .pt-cv-thumbnail:not(.pt-cv-thumbnailsm) { height: 250px; }#pt-cv-view-x982or6o .pt-cv-title a { display: block;color: var(--theme-palette-color-3, #3A4F66);padding: 20px 30px 0px 30px; }#pt-cv-view-x982or6o .pt-cv-title:not(.pt-cv-titlesm) a { font-weight: 200;text-decoration: none;font-family: \"Allerta Stencil\";font-size: 26px; }#pt-cv-view-x982or6o .pt-cv-titlesm a { font-weight: 600;font-size: 18px; }#pt-cv-view-x982or6o .pt-cv-content { font-size: 15px;margin: 0px 30px 0px 30px; }#pt-cv-view-x982or6o .pt-cv-rmwrap {  }#pt-cv-view-x982or6o .pt-cv-readmore { color: #fff;background-color: var(--theme-palette-color-9, #D84B2E);font-size: 14px;margin: 30px 30px 30px 30px;padding: 10px 10px 10px 10px;border-radius: 0px 0px 0px 0px; }#pt-cv-view-x982or6o .pt-cv-taxoterm {  }#pt-cv-view-x982or6o .pt-cv-taxoterm * { color: #222;background-color: #fff6f6;font-size: 14px;padding: 0px 30px 0px 30px; }#pt-cv-view-x982or6o + .pt-cv-pagination-wrapper {  }#pt-cv-view-x982or6o + .pt-cv-pagination-wrapper a { font-size: 14px; }#pt-cv-view-x982or6o > .pt-cv-page {grid-template-columns: repeat(3, 1fr);grid-gap: 50px;}\n@media all and (max-width: 1024px) { \n#pt-cv-view-x982or6o > .pt-cv-page {}\n} \n@media all and (max-width: 767px) { \n#pt-cv-view-x982or6o > .pt-cv-page {grid-template-columns: repeat(1, 1fr);}\n} <\/style><link href='\/\/fonts.googleapis.com\/css?family=Allerta+Stencil' rel='stylesheet' type='text\/css'>\n\n\n<div class=\"wp-block-cover alignfull\" style=\"margin-top:var(--wp--preset--spacing--80);margin-bottom:0px;padding-top:var(--wp--preset--spacing--70);padding-bottom:var(--wp--preset--spacing--80)\"><span aria-hidden=\"true\" class=\"wp-block-cover__background has-palette-color-14-background-color has-background-dim-100 has-background-dim\"><\/span><div class=\"wp-block-cover__inner-container is-layout-constrained wp-block-cover-is-layout-constrained\">\n<div class=\"wp-block-columns is-layout-flex wp-container-core-columns-is-layout-995f960e wp-block-columns-is-layout-flex\">\n<div class=\"wp-block-column is-layout-flow wp-block-column-is-layout-flow\" style=\"flex-basis:50%\">\n<figure data-wp-context=\"{&quot;imageId&quot;:&quot;6a9ab36facbe7&quot;}\" data-wp-interactive=\"core\/image\" data-wp-key=\"6a9ab36facbe7\" class=\"wp-block-image size-full wp-lightbox-container\"><img loading=\"lazy\" decoding=\"async\" width=\"1001\" height=\"607\" data-wp-class--hide=\"state.isContentHidden\" data-wp-class--show=\"state.isContentVisible\" data-wp-init=\"callbacks.setButtonStyles\" data-wp-on--click=\"actions.showLightbox\" data-wp-on--load=\"callbacks.setButtonStyles\" data-wp-on--pointerdown=\"actions.preloadImage\" data-wp-on--pointerenter=\"actions.preloadImageWithDelay\" data-wp-on--pointerleave=\"actions.cancelPreload\" data-wp-on-window--resize=\"callbacks.setButtonStyles\" src=\"https:\/\/labcema.com.br\/site\/wp-content\/uploads\/2026\/08\/mapa-do-centrode-caxias-caminho3-1.png\" alt=\"\" class=\"wp-image-4065\" style=\"box-shadow:var(--wp--preset--shadow--natural)\" srcset=\"https:\/\/labcema.com.br\/site\/wp-content\/uploads\/2026\/08\/mapa-do-centrode-caxias-caminho3-1.png 1001w, https:\/\/labcema.com.br\/site\/wp-content\/uploads\/2026\/08\/mapa-do-centrode-caxias-caminho3-1-300x182.png 300w, https:\/\/labcema.com.br\/site\/wp-content\/uploads\/2026\/08\/mapa-do-centrode-caxias-caminho3-1-768x466.png 768w\" sizes=\"auto, (max-width: 1001px) 100vw, 1001px\" \/><button\n\t\t\tclass=\"lightbox-trigger\"\n\t\t\ttype=\"button\"\n\t\t\taria-haspopup=\"dialog\"\n\t\t\tdata-wp-bind--aria-label=\"state.thisImage.triggerButtonAriaLabel\"\n\t\t\tdata-wp-init=\"callbacks.initTriggerButton\"\n\t\t\tdata-wp-on--click=\"actions.showLightbox\"\n\t\t\tdata-wp-style--right=\"state.thisImage.buttonRight\"\n\t\t\tdata-wp-style--top=\"state.thisImage.buttonTop\"\n\t\t>\n\t\t\t<svg xmlns=\"http:\/\/www.w3.org\/2000\/svg\" width=\"12\" height=\"12\" fill=\"none\" viewBox=\"0 0 12 12\">\n\t\t\t\t<path fill=\"#fff\" d=\"M2 0a2 2 0 0 0-2 2v2h1.5V2a.5.5 0 0 1 .5-.5h2V0H2Zm2 10.5H2a.5.5 0 0 1-.5-.5V8H0v2a2 2 0 0 0 2 2h2v-1.5ZM8 12v-1.5h2a.5.5 0 0 0 .5-.5V8H12v2a2 2 0 0 1-2 2H8Zm2-12a2 2 0 0 1 2 2v2h-1.5V2a.5.5 0 0 0-.5-.5H8V0h2Z\" \/>\n\t\t\t<\/svg>\n\t\t<\/button><\/figure>\n<\/div>\n\n\n\n<div class=\"wp-block-column is-layout-flow wp-block-column-is-layout-flow\" style=\"padding-right:var(--wp--preset--spacing--50);padding-left:var(--wp--preset--spacing--50);flex-basis:25%\">\n<h2 class=\"wp-block-heading has-palette-color-8-color has-text-color has-link-color wp-elements-6\" style=\"line-height:1.3\">O percurso da prociss\u00e3o: pelas ruas de Duque de Caxias.<\/h2>\n<\/div>\n\n\n\n<div class=\"wp-block-column is-layout-flow wp-block-column-is-layout-flow\" style=\"flex-basis:25%\">\n<p class=\"has-drop-cap has-palette-color-8-color has-text-color has-link-color wp-elements-7 wp-block-paragraph\">Lorem ipsum dolor sit amet, consectetur adipiscing elit. Sed vestibulum ipsum vitae rhoncus suscipit. Fusce iaculis vitae arcu non suscipit. Donec vel scelerisque nisl. Vestibulum interdum sagittis urna ac accumsan. Proin eget commodo sem. Aenean dignissim justo eu iaculis euismod. Vestibulum eget semper massa. Cras ultrices ex eu velit viverra eleifend. Morbi pharetra velit augue, sit amet consequat velit tristique eget. Nulla et dolor nunc. <\/p>\n<\/div>\n<\/div>\n<\/div><\/div>\n\n\n\n<p class=\"wp-block-paragraph\"><\/p>\n","protected":false},"excerpt":{"rendered":"<p>Junho13,2026 Seguindo o percurso de uma festa A Festa de Santo Ant\u00f4nio representa um espa\u00e7o de sociabilidade, mem\u00f3ria e identidade na Baixada Fluminense, regi\u00e3o historicamente marcada por desigualdades sociais e invisibiliza\u00e7\u00e3o cultural. Mais do que uma celebra\u00e7\u00e3o religiosa, trata-se de uma pr\u00e1tica de pertencimento comunit\u00e1rio, que re\u00fane f\u00e9, devo\u00e7\u00e3o, economia e vida social (OLIVEIRA, 2018). [&hellip;]<\/p>\n","protected":false},"author":1,"featured_media":3944,"parent":0,"menu_order":0,"comment_status":"closed","ping_status":"closed","template":"","meta":{"_uag_custom_page_level_css":"@media (max-width: 425px) {\n\th2.wp-block-heading.has-palette-color-7-color.has-palette-color-9-background-color.has-text-color.has-background.has-link-color.wp-elements-1 {\n\t\tfont-size: 30px !important  ;}\n}","_themeisle_gutenberg_block_has_review":false,"footnotes":""},"categories":[],"tags":[],"class_list":["post-3816","page","type-page","status-publish","has-post-thumbnail","hentry"],"blocksy_meta":{"styles_descriptor":{"styles":{"desktop":"","tablet":"","mobile":""},"google_fonts":[],"version":7},"has_hero_section":"disabled"},"uagb_featured_image_src":{"full":["https:\/\/labcema.com.br\/site\/wp-content\/uploads\/2026\/08\/1786543444078-scaled.png",2560,1439,false],"thumbnail":["https:\/\/labcema.com.br\/site\/wp-content\/uploads\/2026\/08\/1786543444078-150x150.png",150,150,true],"medium":["https:\/\/labcema.com.br\/site\/wp-content\/uploads\/2026\/08\/1786543444078-300x169.png",300,169,true],"medium_large":["https:\/\/labcema.com.br\/site\/wp-content\/uploads\/2026\/08\/1786543444078-768x432.png",768,432,true],"large":["https:\/\/labcema.com.br\/site\/wp-content\/uploads\/2026\/08\/1786543444078-1024x576.png",1024,576,true],"rpg_gallery_admin_thumb":["https:\/\/labcema.com.br\/site\/wp-content\/uploads\/2026\/08\/1786543444078-150x150.png",150,150,true],"rpg_gallery_thumb":["https:\/\/labcema.com.br\/site\/wp-content\/uploads\/2026\/08\/1786543444078-150x150.png",150,150,true],"1536x1536":["https:\/\/labcema.com.br\/site\/wp-content\/uploads\/2026\/08\/1786543444078-1536x864.png",1536,864,true],"2048x2048":["https:\/\/labcema.com.br\/site\/wp-content\/uploads\/2026\/08\/1786543444078-2048x1152.png",2048,1152,true]},"uagb_author_info":{"display_name":"gugaadmin","author_link":"https:\/\/labcema.com.br\/site\/author\/gugaadmin\/"},"uagb_comment_info":0,"uagb_excerpt":"Junho13,2026 Seguindo o percurso de uma festa A Festa de Santo Ant\u00f4nio representa um espa\u00e7o de sociabilidade, mem\u00f3ria e identidade na Baixada Fluminense, regi\u00e3o historicamente marcada por desigualdades sociais e invisibiliza\u00e7\u00e3o cultural. Mais do que uma celebra\u00e7\u00e3o religiosa, trata-se de uma pr\u00e1tica de pertencimento comunit\u00e1rio, que re\u00fane f\u00e9, devo\u00e7\u00e3o, economia e vida social (OLIVEIRA, 2018).&hellip;","post_type":"page","author_name":"gugaadmin","_links":{"self":[{"href":"https:\/\/labcema.com.br\/site\/wp-json\/wp\/v2\/pages\/3816","targetHints":{"allow":["GET"]}}],"collection":[{"href":"https:\/\/labcema.com.br\/site\/wp-json\/wp\/v2\/pages"}],"about":[{"href":"https:\/\/labcema.com.br\/site\/wp-json\/wp\/v2\/types\/page"}],"author":[{"embeddable":true,"href":"https:\/\/labcema.com.br\/site\/wp-json\/wp\/v2\/users\/1"}],"replies":[{"embeddable":true,"href":"https:\/\/labcema.com.br\/site\/wp-json\/wp\/v2\/comments?post=3816"}],"version-history":[{"count":161,"href":"https:\/\/labcema.com.br\/site\/wp-json\/wp\/v2\/pages\/3816\/revisions"}],"predecessor-version":[{"id":4300,"href":"https:\/\/labcema.com.br\/site\/wp-json\/wp\/v2\/pages\/3816\/revisions\/4300"}],"wp:featuredmedia":[{"embeddable":true,"href":"https:\/\/labcema.com.br\/site\/wp-json\/wp\/v2\/media\/3944"}],"wp:attachment":[{"href":"https:\/\/labcema.com.br\/site\/wp-json\/wp\/v2\/media?parent=3816"}],"wp:term":[{"taxonomy":"category","embeddable":true,"href":"https:\/\/labcema.com.br\/site\/wp-json\/wp\/v2\/categories?post=3816"},{"taxonomy":"post_tag","embeddable":true,"href":"https:\/\/labcema.com.br\/site\/wp-json\/wp\/v2\/tags?post=3816"}],"curies":[{"name":"wp","href":"https:\/\/api.w.org\/{rel}","templated":true}]}}